{"id":36,"date":"2020-02-05T11:17:53","date_gmt":"2020-02-05T11:17:53","guid":{"rendered":"https:\/\/educulturas.es\/?page_id=36"},"modified":"2025-12-03T11:51:55","modified_gmt":"2025-12-03T11:51:55","slug":"inicio","status":"publish","type":"page","link":"https:\/\/educulturas.es\/","title":{"rendered":"Inicio"},"content":{"rendered":"<p>[et_pb_section fb_built=\u00bb1&#8243; fullwidth=\u00bbon\u00bb disabled_on=\u00bboff|off|off\u00bb _builder_version=\u00bb4.24.0&#8243; animation_style=\u00bbslide\u00bb animation_direction=\u00bbtop\u00bb animation_intensity_slide=\u00bb2%\u00bb animation_starting_opacity=\u00bb100%\u00bb global_colors_info=\u00bb{}\u00bb][et_pb_fullwidth_slider _builder_version=\u00bb4.27.4&#8243; _module_preset=\u00bbdefault\u00bb min_height=\u00bb467.8px\u00bb global_colors_info=\u00bb{}\u00bb][et_pb_slide _builder_version=\u00bb4.27.4&#8243; _module_preset=\u00bbdefault\u00bb background_image=\u00bbhttps:\/\/educulturas.es\/wp-content\/uploads\/2025\/11\/Bannereduculturas25aulaverano-scaled.jpg\u00bb background_enable_image=\u00bbon\u00bb global_colors_info=\u00bb{}\u00bb sticky_transition=\u00bbon\u00bb][\/et_pb_slide][et_pb_slide admin_title=\u00bbCampa\u00f1a 2025&#8243; _builder_version=\u00bb4.27.4&#8243; _module_preset=\u00bbdefault\u00bb background_image=\u00bbhttps:\/\/educulturas.es\/wp-content\/uploads\/2025\/02\/Bannereduculturas24apa-1-scaled.jpg\u00bb background_enable_image=\u00bbon\u00bb background_size=\u00bbcontain\u00bb global_colors_info=\u00bb{}\u00bb sticky_transition=\u00bbon\u00bb][\/et_pb_slide][et_pb_slide admin_title=\u00bblogo\u00bb _builder_version=\u00bb4.27.0&#8243; _module_preset=\u00bbdefault\u00bb background_image=\u00bbhttps:\/\/educulturas.es\/wp-content\/uploads\/2022\/02\/bannereduculturas.jpg\u00bb background_enable_image=\u00bbon\u00bb background_size=\u00bbcontain\u00bb global_colors_info=\u00bb{}\u00bb sticky_transition=\u00bbon\u00bb][\/et_pb_slide][et_pb_slide admin_title=\u00bbcampa\u00f1a 2024&#8243; _builder_version=\u00bb4.27.0&#8243; _module_preset=\u00bbdefault\u00bb background_enable_color=\u00bboff\u00bb background_image=\u00bbhttps:\/\/educulturas.es\/wp-content\/uploads\/2024\/02\/Bannereduculturas24-2.jpg\u00bb background_enable_image=\u00bbon\u00bb background_size=\u00bbcontain\u00bb global_colors_info=\u00bb{}\u00bb sticky_transition=\u00bbon\u00bb][\/et_pb_slide][et_pb_slide button_link=\u00bbhttps:\/\/educulturas.es\/index.php\/contra-el-racismo-sin-peros\/\u00bb url_new_window=\u00bbon\u00bb admin_title=\u00bbContra el racismo sin peros\u00bb _builder_version=\u00bb4.27.0&#8243; _module_preset=\u00bbdefault\u00bb background_image=\u00bbhttps:\/\/educulturas.es\/wp-content\/uploads\/2023\/03\/banner1-campana.jpg\u00bb background_enable_image=\u00bbon\u00bb background_size=\u00bbcontain\u00bb button_alignment=\u00bbcenter\u00bb custom_padding=\u00bb||0px||false|false\u00bb background_last_edited=\u00bbon|phone\u00bb background_image_phone=\u00bbhttps:\/\/educulturas.es\/wp-content\/uploads\/2022\/03\/BANNEReduculturas.jpg\u00bb background_enable_image_phone=\u00bbon\u00bb global_colors_info=\u00bb{}\u00bb sticky_transition=\u00bbon\u00bb][\/et_pb_slide][et_pb_slide heading=\u00bbGU\u00cdA DID\u00c1CTICA: RECURSOS PARA PREVENIR EL RACISMO Y LA XENOFOBIA\u00bb button_text=\u00bbVer m\u00e1s\u00bb button_link=\u00bbhttps:\/\/educulturas.es\/index.php\/recursos-didacticos\/\u00bb admin_title=\u00bbJornadas\u00bb _builder_version=\u00bb4.27.4&#8243; _module_preset=\u00bbdefault\u00bb header_level=\u00bbh2&#8243; header_font=\u00bb|700|||||||\u00bb header_text_color=\u00bb#d6b8a2&#8243; header_font_size=\u00bb28px\u00bb background_image=\u00bbhttps:\/\/educulturas.es\/wp-content\/uploads\/2025\/01\/Bannereduculturas24GUIAapa.jpg\u00bb background_enable_image=\u00bbon\u00bb background_size=\u00bbcontain\u00bb custom_button=\u00bbon\u00bb button_text_size=\u00bb23px\u00bb button_text_color=\u00bb#d6b8a2&#8243; button_bg_color=\u00bb#FFFFFF\u00bb global_colors_info=\u00bb{}\u00bb sticky_transition=\u00bbon\u00bb][\/et_pb_slide][\/et_pb_fullwidth_slider][\/et_pb_section][et_pb_section fb_built=\u00bb1&#8243; admin_label=\u00bbMarket Information Section\u00bb _builder_version=\u00bb4.16&#8243; background_color=\u00bb#c2b299&#8243; min_height=\u00bb777.7px\u00bb custom_margin=\u00bb||0px||false|false\u00bb custom_padding=\u00bb67px||0px|||\u00bb global_colors_info=\u00bb{}\u00bb][et_pb_row column_structure=\u00bb1_3,2_3&#8243; admin_label=\u00bbMarket Information Title Area\u00bb _builder_version=\u00bb4.16&#8243; max_width=\u00bb1280px\u00bb custom_margin=\u00bb|auto|60px|auto||\u00bb custom_padding=\u00bb40px|0px|84px|0px||\u00bb global_colors_info=\u00bb{}\u00bb][et_pb_column type=\u00bb1_3&#8243; _builder_version=\u00bb4.16&#8243; custom_padding=\u00bb|||\u00bb global_colors_info=\u00bb{}\u00bb custom_padding__hover=\u00bb|||\u00bb][et_pb_text admin_label=\u00bbTitle\u00bb _builder_version=\u00bb4.18.0&#8243; text_font=\u00bb||||||||\u00bb text_text_color=\u00bb#ffffff\u00bb header_font=\u00bb|600|||||||\u00bb header_text_color=\u00bb#f5edd7&#8243; header_font_size=\u00bb53px\u00bb header_2_font=\u00bbLato||||||||\u00bb header_2_text_color=\u00bb#ffffff\u00bb header_2_font_size=\u00bb36px\u00bb header_2_line_height=\u00bb1.5em\u00bb custom_padding=\u00bb|||\u00bb animation_direction=\u00bbleft\u00bb global_colors_info=\u00bb{}\u00bb]<\/p>\n<h1>Educulturas<\/h1>\n<p>[\/et_pb_text][\/et_pb_column][et_pb_column type=\u00bb2_3&#8243; _builder_version=\u00bb4.16&#8243; custom_padding=\u00bb|||\u00bb global_colors_info=\u00bb{}\u00bb custom_padding__hover=\u00bb|||\u00bb][et_pb_text _builder_version=\u00bb4.24.0&#8243; text_font=\u00bb||||||||\u00bb text_text_color=\u00bb#FFFFFF\u00bb text_font_size=\u00bb18px\u00bb text_line_height=\u00bb1.8em\u00bb header_font=\u00bb||||||||\u00bb header_text_color=\u00bb#ffffff\u00bb header_line_height=\u00bb0.8em\u00bb header_2_font=\u00bb|600|||||||\u00bb header_2_text_color=\u00bb#f5edd7&#8243; header_2_line_height=\u00bb1.4em\u00bb animation_style=\u00bbflip\u00bb animation_direction=\u00bbleft\u00bb animation_intensity_flip=\u00bb20%\u00bb animation_starting_opacity=\u00bb100%\u00bb global_colors_info=\u00bb{}\u00bb]<\/p>\n<h2 style=\"text-align: justify;\">Proyecto de Sensibilizaci\u00f3n para cambiar actitudes racistas y xen\u00f3fobas<\/h2>\n<p style=\"text-align: justify;\">Durante las \u00faltimas d\u00e9cadas, la escuela ha vivido un enorme proceso de transformaci\u00f3n en cuanto al perfil del alumnado se refiere. A diferencia de lo que ocurr\u00eda antes, hoy en d\u00eda las aulas se han convertido en espacios multiculturales donde conviven ni\u00f1os y ni\u00f1as de diferentes or\u00edgenes. Ante esta nueva realidad, la comunidad educativa tiene el reto de adquirir aquellas herramientas necesarias para promover el valor de una sociedad diversa.<\/p>\n<p style=\"text-align: justify;\">Dentro de este contexto, Educulturas nace en 2013 con el firme prop\u00f3sito de promover la educaci\u00f3n intercultural desde un enfoque de derechos, entendiendo por tal educaci\u00f3n aquella que no solo trata de fomentar el respeto hacia la diversidad cultural sino educar en la igualdad de derechos, luchando contra cualquier forma de discriminaci\u00f3n y promocionando la justicia social.<\/p>\n<p style=\"text-align: justify;\">Con este objetivo, Educulturas centra su atenci\u00f3n en la educaci\u00f3n formal y, en especial, en educaci\u00f3n primaria. El motivo de ello es porque consideramos que es desde edades tempranas como mejor se consigue inculcar los valores que promueve este proyecto.<\/p>\n<p>[\/et_pb_text][\/et_pb_column][\/et_pb_row][\/et_pb_section][et_pb_section fb_built=\u00bb1&#8243; disabled_on=\u00bboff|off|off\u00bb _builder_version=\u00bb4.24.0&#8243; _module_preset=\u00bbdefault\u00bb global_colors_info=\u00bb{}\u00bb][et_pb_row _builder_version=\u00bb4.24.0&#8243; _module_preset=\u00bbdefault\u00bb global_colors_info=\u00bb{}\u00bb][et_pb_column type=\u00bb4_4&#8243; _builder_version=\u00bb4.24.0&#8243; _module_preset=\u00bbdefault\u00bb global_colors_info=\u00bb{}\u00bb][et_pb_video src=\u00bbhttps:\/\/youtu.be\/GVtZsPDmZEw\u00bb image_src=\u00bbhttps:\/\/educulturas.es\/wp-content\/uploads\/2024\/05\/educulturas2024-1-m4v-image.jpg\u00bb disabled_on=\u00bbon|on|on\u00bb _builder_version=\u00bb4.27.0&#8243; _module_preset=\u00bbdefault\u00bb disabled=\u00bbon\u00bb global_colors_info=\u00bb{}\u00bb][\/et_pb_video][\/et_pb_column][\/et_pb_row][\/et_pb_section][et_pb_section fb_built=\u00bb1&#8243; admin_label=\u00bbEvent Section\u00bb module_id=\u00bbrecursos\u00bb _builder_version=\u00bb4.16&#8243; background_color=\u00bb#f5edd7&#8243; custom_margin=\u00bb0px||0px||false|false\u00bb custom_padding=\u00bb||||false|false\u00bb animation_style=\u00bbzoom\u00bb animation_intensity_zoom=\u00bb6%\u00bb animation_starting_opacity=\u00bb100%\u00bb global_colors_info=\u00bb{}\u00bb][et_pb_row use_custom_gutter=\u00bbon\u00bb gutter_width=\u00bb2&#8243; admin_label=\u00bbEvent Title Area\u00bb _builder_version=\u00bb4.16&#8243; max_width=\u00bb1280px\u00bb use_custom_width=\u00bbon\u00bb custom_width_px=\u00bb1280px\u00bb locked=\u00bboff\u00bb global_colors_info=\u00bb{}\u00bb][et_pb_column type=\u00bb4_4&#8243; _builder_version=\u00bb4.16&#8243; custom_padding=\u00bb|||\u00bb global_colors_info=\u00bb{}\u00bb custom_padding__hover=\u00bb|||\u00bb][et_pb_text admin_label=\u00bbTitle\u00bb _builder_version=\u00bb4.20.2&#8243; text_font=\u00bb||||||||\u00bb text_text_color=\u00bb#ffffff\u00bb header_font=\u00bb|600|||||||\u00bb header_text_color=\u00bb#c2b299&#8243; header_font_size=\u00bb53px\u00bb header_2_font=\u00bbLato||||||||\u00bb header_2_text_color=\u00bb#ffffff\u00bb header_2_font_size=\u00bb36px\u00bb header_2_line_height=\u00bb1.5em\u00bb custom_padding=\u00bb|||\u00bb animation_direction=\u00bbleft\u00bb header_font_size_tablet=\u00bb53px\u00bb header_font_size_phone=\u00bb34px\u00bb header_font_size_last_edited=\u00bbon|phone\u00bb global_colors_info=\u00bb{}\u00bb]<\/p>\n<h1 style=\"text-align: center;\">Las actividades de Educulturas<\/h1>\n<p>[\/et_pb_text][\/et_pb_column][\/et_pb_row][et_pb_row column_structure=\u00bb1_2,1_2&#8243; use_custom_gutter=\u00bbon\u00bb gutter_width=\u00bb2&#8243; admin_label=\u00bbEvent Info Area\u00bb _builder_version=\u00bb4.16&#8243; max_width=\u00bb1280px\u00bb use_custom_width=\u00bbon\u00bb custom_width_px=\u00bb1280px\u00bb global_colors_info=\u00bb{}\u00bb][et_pb_column type=\u00bb1_2&#8243; _builder_version=\u00bb4.16&#8243; _module_preset=\u00bbdefault\u00bb global_colors_info=\u00bb{}\u00bb][et_pb_image src=\u00bbhttps:\/\/educulturas.es\/wp-content\/uploads\/2023\/02\/001-Taller-Somos-Iguales-o-Diferentes-WEB.jpg\u00bb force_fullwidth=\u00bbon\u00bb align_tablet=\u00bbcenter\u00bb align_phone=\u00bb\u00bb align_last_edited=\u00bbon|desktop\u00bb _builder_version=\u00bb4.19.5&#8243; border_radii=\u00bbon|10px|10px|10px|10px\u00bb global_colors_info=\u00bb{}\u00bb][\/et_pb_image][et_pb_text admin_label=\u00bbDate\u00bb _builder_version=\u00bb4.18.0&#8243; text_font=\u00bb|800||on|||||\u00bb text_text_color=\u00bb#c2b299&#8243; text_letter_spacing=\u00bb1px\u00bb custom_margin=\u00bb||10px|\u00bb animation_direction=\u00bbleft\u00bb global_colors_info=\u00bb{}\u00bb]<\/p>\n<p>ACTIVIDADES<\/p>\n<p>[\/et_pb_text][et_pb_text admin_label=\u00bbTitle\u00bb _builder_version=\u00bb4.18.0&#8243; text_font=\u00bb||||||||\u00bb header_font=\u00bb||||||||\u00bb header_text_color=\u00bb#c2b299&#8243; header_3_font=\u00bbLato|700|||||||\u00bb header_3_text_color=\u00bb#c2b299&#8243; header_3_line_height=\u00bb1.4em\u00bb custom_margin=\u00bb||10px|\u00bb custom_padding=\u00bb4px|||||\u00bb animation_direction=\u00bbleft\u00bb global_colors_info=\u00bb{}\u00bb]<\/p>\n<h3><span style=\"font-size: large;\">Propuesta did\u00e1ctica 1: Taller \u201c\u00bfSomos iguales o diferentes?\u201d<\/span><\/h3>\n<p>[\/et_pb_text][et_pb_text _builder_version=\u00bb4.16&#8243; text_font=\u00bb||||||||\u00bb text_font_size=\u00bb18px\u00bb text_line_height=\u00bb1.8em\u00bb custom_margin=\u00bb||10px|\u00bb animation_direction=\u00bbleft\u00bb global_colors_info=\u00bb{}\u00bb]<\/p>\n<p style=\"text-align: justify;\">Con este taller se pretende acercar al alumnado del primer ciclo de Educaci\u00f3n Primaria al concepto de diversidad. Todo el taller gira en torno a las diferentes tonalidades que existen para los colores de la piel, de manera que reflexionen acerca de las diferencias entre las personas sin que ello deba ser motivo de discriminaci\u00f3n y\u00a0 de repulsa. De una manera l\u00fadica, adaptado a las edades del alumnado y haciendo uso de materiales art\u00edsticos, se tratar\u00e1 de abordar el tema del racismo en el aula.<\/p>\n<p style=\"text-align: justify;\">En definitiva, se trata de partir de la realidad inmediata del propio grupo-clase para reflexionar sobre la heterogeneidad del ser humano y la importancia de respetarla, ya que la escuela debe ser el principal motor de cambio para erradicar actitudes estereotipadas y expresiones de odio.<\/p>\n<p>[\/et_pb_text][\/et_pb_column][et_pb_column type=\u00bb1_2&#8243; _builder_version=\u00bb4.16&#8243; _module_preset=\u00bbdefault\u00bb global_colors_info=\u00bb{}\u00bb][et_pb_image src=\u00bbhttps:\/\/educulturas.es\/wp-content\/uploads\/2023\/02\/002-Taller-Y-Tu\u0301-\u00bfCo\u0301mo-Discriminas_.jpg\u00bb force_fullwidth=\u00bbon\u00bb align_tablet=\u00bbcenter\u00bb align_phone=\u00bb\u00bb align_last_edited=\u00bbon|desktop\u00bb _builder_version=\u00bb4.19.5&#8243; border_radii=\u00bbon|10px|10px|10px|10px\u00bb global_colors_info=\u00bb{}\u00bb][\/et_pb_image][et_pb_text admin_label=\u00bbDate\u00bb _builder_version=\u00bb4.16&#8243; text_font=\u00bb|700||on|||||\u00bb text_text_color=\u00bb#c2b299&#8243; text_letter_spacing=\u00bb1px\u00bb custom_margin=\u00bb||10px|\u00bb animation_direction=\u00bbleft\u00bb global_colors_info=\u00bb{}\u00bb]<\/p>\n<p>actividades<\/p>\n<p>[\/et_pb_text][et_pb_text admin_label=\u00bbTitle\u00bb _builder_version=\u00bb4.16&#8243; text_font=\u00bb||||||||\u00bb header_font=\u00bb||||||||\u00bb header_text_color=\u00bb#c2b299&#8243; header_3_font=\u00bbLato|700|||||||\u00bb header_3_text_color=\u00bb#c2b299&#8243; header_3_line_height=\u00bb1.4em\u00bb custom_margin=\u00bb||10px|\u00bb custom_padding=\u00bb4px|||||\u00bb animation_direction=\u00bbleft\u00bb global_colors_info=\u00bb{}\u00bb]<\/p>\n<h3><span style=\"font-size: large;\">Propuesta did\u00e1ctica 2: Taller \u201cY t\u00fa, \u00bfc\u00f3mo discriminas?\u201d<\/span><\/h3>\n<p>[\/et_pb_text][et_pb_text _builder_version=\u00bb4.16&#8243; text_font=\u00bb||||||||\u00bb text_font_size=\u00bb18px\u00bb text_line_height=\u00bb1.8em\u00bb custom_margin=\u00bb||10px|\u00bb animation_direction=\u00bbleft\u00bb global_colors_info=\u00bb{}\u00bb]<\/p>\n<p style=\"text-align: justify;\">Esta actividad busca hacer reflexionar al alumnado sobre las distintas maneras en que, a veces de manera sutil e inconsciente, discriminan a otros al tiempo que ellos pueden sentirse discriminados tambi\u00e9n. Se realizan actividades pr\u00e1cticas usando la fotograf\u00eda como medio.<\/p>\n<p style=\"text-align: justify;\">Todas y todos seleccionamos la informaci\u00f3n que tenemos generando visiones reducidas y estereotipadas de la realidad. Los medios de comunicaci\u00f3n y los temas de actualidad contribuyen a generar estos estados de opini\u00f3n inevitables. Reducimos la informaci\u00f3n y con frecuencia la cargamos de valoraciones negativas o prejuicios que determinan c\u00f3mo actuar ante las cosas y las personas y nos llevan a responder discriminando o rechazando \u201clo diferente\u201d.<\/p>\n<p>[\/et_pb_text][\/et_pb_column][\/et_pb_row][et_pb_row column_structure=\u00bb1_2,1_2&#8243; use_custom_gutter=\u00bbon\u00bb gutter_width=\u00bb2&#8243; admin_label=\u00bbEvent Info Area\u00bb _builder_version=\u00bb4.16&#8243; max_width=\u00bb1280px\u00bb use_custom_width=\u00bbon\u00bb custom_width_px=\u00bb1280px\u00bb global_colors_info=\u00bb{}\u00bb][et_pb_column type=\u00bb1_2&#8243; _builder_version=\u00bb4.16&#8243; _module_preset=\u00bbdefault\u00bb global_colors_info=\u00bb{}\u00bb][et_pb_image src=\u00bbhttps:\/\/educulturas.es\/wp-content\/uploads\/2023\/02\/003-Taller-de-Fotografi\u0301a-Instantanea-CEIP-Andaluci\u0301a.jpg\u00bb force_fullwidth=\u00bbon\u00bb align_tablet=\u00bbcenter\u00bb align_phone=\u00bb\u00bb align_last_edited=\u00bbon|desktop\u00bb _builder_version=\u00bb4.19.5&#8243; border_radii=\u00bbon|10px|10px|10px|10px\u00bb global_colors_info=\u00bb{}\u00bb][\/et_pb_image][et_pb_text admin_label=\u00bbDate\u00bb _builder_version=\u00bb4.18.0&#8243; text_font=\u00bb|800||on|||||\u00bb text_text_color=\u00bb#c2b299&#8243; text_letter_spacing=\u00bb1px\u00bb custom_margin=\u00bb||10px|\u00bb animation_direction=\u00bbleft\u00bb global_colors_info=\u00bb{}\u00bb]<\/p>\n<p>ACTIVIDADES<\/p>\n<p>[\/et_pb_text][et_pb_text admin_label=\u00bbTitle\u00bb _builder_version=\u00bb4.24.0&#8243; text_font=\u00bb||||||||\u00bb header_font=\u00bb||||||||\u00bb header_text_color=\u00bb#c2b299&#8243; header_3_font=\u00bbLato|700|||||||\u00bb header_3_text_color=\u00bb#c2b299&#8243; header_3_line_height=\u00bb1.4em\u00bb custom_margin=\u00bb||10px|\u00bb custom_padding=\u00bb4px|||||\u00bb animation_direction=\u00bbleft\u00bb global_colors_info=\u00bb{}\u00bb]<\/p>\n<h3><span style=\"font-size: large;\">Propuesta did\u00e1ctica 3: Taller de fotograf\u00eda instant\u00e1nea\u00a0<\/span><\/h3>\n<p>[\/et_pb_text][et_pb_text _builder_version=\u00bb4.18.0&#8243; text_font=\u00bb||||||||\u00bb text_font_size=\u00bb18px\u00bb text_line_height=\u00bb1.8em\u00bb custom_margin=\u00bb||10px|\u00bb animation_direction=\u00bbleft\u00bb global_colors_info=\u00bb{}\u00bb]<\/p>\n<p style=\"text-align: justify;\">En este taller se usar\u00e1n las c\u00e1maras de fotograf\u00eda instant\u00e1nea con el fin de aprender mecanismos no digitales y de valorar la importancia de una buena fotograf\u00eda.<\/p>\n<p style=\"text-align: justify;\">El objetivo es la toma de contacto y el manejo de la c\u00e1mara fotogr\u00e1fica instant\u00e1nea, la adquisici\u00f3n de t\u00e9cnicas muy b\u00e1sicas de fotograf\u00eda (encuadre, planos y puntos de vista) y la realizaci\u00f3n de instant\u00e1neas en el interior y en el exterior de las instalaciones. La tem\u00e1tica de las fotos se centrar\u00e1 en el objetivo de cada taller, tendr\u00e1n que intentar captar im\u00e1genes que representen esa idea. Posteriormente, se elaborar\u00e1 una peque\u00f1a exposici\u00f3n fotogr\u00e1fica que se quedar\u00e1 en clase para ilustrar la actividad.<\/p>\n<p>[\/et_pb_text][\/et_pb_column][et_pb_column type=\u00bb1_2&#8243; _builder_version=\u00bb4.16&#8243; _module_preset=\u00bbdefault\u00bb global_colors_info=\u00bb{}\u00bb][et_pb_image src=\u00bbhttps:\/\/educulturas.es\/wp-content\/uploads\/2023\/10\/I4A3902-scaled.jpg\u00bb title_text=\u00bb_I4A3902&#8243; force_fullwidth=\u00bbon\u00bb align_tablet=\u00bbcenter\u00bb align_phone=\u00bb\u00bb align_last_edited=\u00bbon|desktop\u00bb _builder_version=\u00bb4.21.0&#8243; border_radii=\u00bbon|10px|10px|10px|10px\u00bb global_colors_info=\u00bb{}\u00bb][\/et_pb_image][et_pb_text admin_label=\u00bbDate\u00bb _builder_version=\u00bb4.16&#8243; text_font=\u00bb|800||on|||||\u00bb text_text_color=\u00bb#c2b299&#8243; text_letter_spacing=\u00bb1px\u00bb custom_margin=\u00bb||10px|\u00bb animation_direction=\u00bbleft\u00bb global_colors_info=\u00bb{}\u00bb]<\/p>\n<p>actividades<\/p>\n<p>[\/et_pb_text][et_pb_text admin_label=\u00bbTitle\u00bb _builder_version=\u00bb4.16&#8243; text_font=\u00bb||||||||\u00bb header_font=\u00bb||||||||\u00bb header_text_color=\u00bb#c2b299&#8243; header_3_font=\u00bbLato|700|||||||\u00bb header_3_text_color=\u00bb#c2b299&#8243; header_3_line_height=\u00bb1.4em\u00bb custom_margin=\u00bb||10px|\u00bb custom_padding=\u00bb4px|||||\u00bb animation_direction=\u00bbleft\u00bb global_colors_info=\u00bb{}\u00bb]<\/p>\n<h3>Aula de verano<\/h3>\n<p>[\/et_pb_text][et_pb_text _builder_version=\u00bb4.21.0&#8243; text_font=\u00bb||||||||\u00bb text_font_size=\u00bb18px\u00bb text_line_height=\u00bb1.8em\u00bb custom_margin=\u00bb||10px|\u00bb animation_direction=\u00bbleft\u00bb global_colors_info=\u00bb{}\u00bb]<\/p>\n<p style=\"text-align: justify;\">Dirigida a ni\u00f1os\/as de 4 a 17 a\u00f1os, se pretende instalar una Aula de Verano en diferentes municipios de las comunidades donde se desarrollar\u00e1 el proyecto, que dure los dos meses que engloba el periodo estival, es decir, los meses de julio y agosto. Con esta actividad se persigue reflejar los valores positivos que aporta la diversidad y la importancia de la defensa de los derechos humanos a trav\u00e9s de actividades y talleres l\u00fadicos. En este sentido, la integraci\u00f3n se presenta como una forma de gestionar la diversidad que respeta el derecho a ser diferente y pone en valor las oportunidades que brinda la interculturalidad en la sociedad.<\/p>\n<p style=\"text-align: justify;\">\n<p>[\/et_pb_text][\/et_pb_column][\/et_pb_row][\/et_pb_section][et_pb_section fb_built=\u00bb1&#8243; admin_label=\u00bbFeature Section\u00bb _builder_version=\u00bb4.16&#8243; background_color=\u00bb#a59070&#8243; custom_margin=\u00bb0px||||false|false\u00bb custom_padding=\u00bb0px||100px|||\u00bb animation_style=\u00bbslide\u00bb animation_direction=\u00bbtop\u00bb animation_intensity_slide=\u00bb2%\u00bb animation_starting_opacity=\u00bb100%\u00bb global_colors_info=\u00bb{}\u00bb][et_pb_row _builder_version=\u00bb4.16&#8243; max_width=\u00bb1280px\u00bb global_colors_info=\u00bb{}\u00bb][et_pb_column type=\u00bb4_4&#8243; _builder_version=\u00bb4.16&#8243; global_colors_info=\u00bb{}\u00bb][et_pb_text admin_label=\u00bbTitle\u00bb _builder_version=\u00bb4.19.4&#8243; text_font=\u00bb||||||||\u00bb header_font=\u00bb|600|||||||\u00bb header_text_color=\u00bb#f5edd7&#8243; header_font_size=\u00bb53px\u00bb header_line_height=\u00bb1.8em\u00bb header_3_font=\u00bbLato||||||||\u00bb header_3_text_color=\u00bb#ffffff\u00bb header_3_font_size=\u00bb36px\u00bb header_3_line_height=\u00bb1.8em\u00bb custom_margin=\u00bb||10px|\u00bb custom_padding=\u00bb|||\u00bb animation_direction=\u00bbleft\u00bb global_colors_info=\u00bb{}\u00bb]<\/p>\n<h1 style=\"text-align: center;\">Color carne<\/h1>\n<p>[\/et_pb_text][et_pb_text _builder_version=\u00bb4.18.0&#8243; text_font=\u00bb||||||||\u00bb text_text_color=\u00bb#FFFFFF\u00bb text_font_size=\u00bb18px\u00bb text_line_height=\u00bb1.8em\u00bb header_2_text_color=\u00bb#ffffff\u00bb global_colors_info=\u00bb{}\u00bb]<\/p>\n<p style=\"text-align: justify;\">Cuestionar la utilizaci\u00f3n del \u00abcolor carne\u00bb como sin\u00f3nimo del color de la piel humana y mostrar, por el contrario, la diversidad que presenta el arcoiris sepia de la piel humana son los objetivos que persiguen estos v\u00eddeos. No existe ning\u00fan color mejor que otro. Los v\u00eddeos est\u00e1n dirigidos al alumnado de Educaci\u00f3n Primaria y al profesorado que desee usarlos como material did\u00e1ctico para sus clases.<\/p>\n<p>[\/et_pb_text][\/et_pb_column][\/et_pb_row][et_pb_row column_structure=\u00bb1_2,1_2&#8243; _builder_version=\u00bb4.16&#8243; max_width=\u00bb1280px\u00bb global_colors_info=\u00bb{}\u00bb][et_pb_column type=\u00bb1_2&#8243; _builder_version=\u00bb4.16&#8243; global_colors_info=\u00bb{}\u00bb][et_pb_video src=\u00bbhttps:\/\/www.youtube.com\/watch?v=UpoimOgg9AE\u00bb _builder_version=\u00bb4.18.0&#8243; border_radii=\u00bbon|10px|10px|10px|10px\u00bb global_colors_info=\u00bb{}\u00bb][\/et_pb_video][\/et_pb_column][et_pb_column type=\u00bb1_2&#8243; _builder_version=\u00bb4.16&#8243; global_colors_info=\u00bb{}\u00bb][et_pb_video src=\u00bbhttps:\/\/youtu.be\/_QYA8QKGiJA\u00bb _builder_version=\u00bb4.18.0&#8243; border_radii=\u00bbon|10px|10px|10px|10px\u00bb global_colors_info=\u00bb{}\u00bb][\/et_pb_video][\/et_pb_column][\/et_pb_row][\/et_pb_section][et_pb_section fb_built=\u00bb1&#8243; fullwidth=\u00bbon\u00bb _builder_version=\u00bb4.27.0&#8243; _module_preset=\u00bbdefault\u00bb global_colors_info=\u00bb{}\u00bb][et_pb_fullwidth_header title=\u00bbAula de verano \u00bb header_image_url=\u00bbhttps:\/\/educulturas.es\/wp-content\/uploads\/2025\/09\/008-Taller-de-Verano-en-La-Linea-scaled.jpg\u00bb _builder_version=\u00bb4.27.4&#8243; _module_preset=\u00bbdefault\u00bb title_font_size=\u00bb46px\u00bb global_colors_info=\u00bb{}\u00bb]<\/p>\n<p>En este 2025 han sido dos las localidades donde los ni\u00f1os y ni\u00f1as han disfrutado de diferentes actividades. Se trata de La L\u00ednea de la Concepci\u00f3n y Tarifa. La fotograf\u00eda ha sido el eje vertebrador de los talleres y la herramienta principal para disfrutar aprendiendo. \u00a1Qu\u00e9 buen verano hemos pasado!<\/p>\n<p>&nbsp;<\/p>\n<p>&nbsp;<\/p>\n<p>[\/et_pb_fullwidth_header][\/et_pb_section][et_pb_section fb_built=\u00bb1&#8243; _builder_version=\u00bb4.27.0&#8243; _module_preset=\u00bbdefault\u00bb background_color=\u00bb#c2b299&#8243; global_colors_info=\u00bb{}\u00bb][et_pb_row _builder_version=\u00bb4.27.0&#8243; _module_preset=\u00bbdefault\u00bb global_colors_info=\u00bb{}\u00bb][et_pb_column type=\u00bb4_4&#8243; _builder_version=\u00bb4.27.0&#8243; _module_preset=\u00bbdefault\u00bb global_colors_info=\u00bb{}\u00bb][et_pb_gallery gallery_ids=\u00bb2138,2139,2140,2141,2142,2143,2144,2145,2146,2147,2148,2149&#8243; show_title_and_caption=\u00bboff\u00bb _builder_version=\u00bb4.27.4&#8243; _module_preset=\u00bbdefault\u00bb pagination_text_color=\u00bb#000000&#8243; global_colors_info=\u00bb{}\u00bb][\/et_pb_gallery][\/et_pb_column][\/et_pb_row][\/et_pb_section][et_pb_section fb_built=\u00bb1&#8243; fullwidth=\u00bbon\u00bb _builder_version=\u00bb4.27.0&#8243; _module_preset=\u00bbdefault\u00bb global_colors_info=\u00bb{}\u00bb][et_pb_fullwidth_header title=\u00bbJornada de sensibilizaci\u00f3n para futuros integradores sociales\u00bb header_image_url=\u00bbhttps:\/\/educulturas.es\/wp-content\/uploads\/2024\/11\/20241029_172252-scaled.jpg\u00bb disabled_on=\u00bbon|on|on\u00bb _builder_version=\u00bb4.27.0&#8243; _module_preset=\u00bbdefault\u00bb title_font_size=\u00bb46px\u00bb background_color=\u00bb#EEE3D3&#8243; background_layout=\u00bblight\u00bb disabled=\u00bbon\u00bb global_colors_info=\u00bb{}\u00bb]<\/p>\n<p>La jornada se ha centrado en la visibilizaci\u00f3n de diferentes campa\u00f1as contra el racismo que han calado en la poblaci\u00f3n por sus im\u00e1genes.<\/p>\n<p>El alumnado ha participado activamente reflexionando sobre la importancia de la lucha por el cumplimiento de los derechos humanos, especialmente en aquellos colectivos que tienen gran probabilidad de sufrir marginaci\u00f3n.<\/p>\n<p>&nbsp;<\/p>\n<p>&nbsp;<\/p>\n<p>[\/et_pb_fullwidth_header][\/et_pb_section][et_pb_section fb_built=\u00bb1&#8243; disabled_on=\u00bbon|on|on\u00bb _builder_version=\u00bb4.27.0&#8243; _module_preset=\u00bbdefault\u00bb background_color=\u00bb#c2b299&#8243; disabled=\u00bbon\u00bb global_colors_info=\u00bb{}\u00bb][et_pb_row _builder_version=\u00bb4.27.0&#8243; _module_preset=\u00bbdefault\u00bb global_colors_info=\u00bb{}\u00bb][et_pb_column type=\u00bb4_4&#8243; _builder_version=\u00bb4.27.0&#8243; _module_preset=\u00bbdefault\u00bb global_colors_info=\u00bb{}\u00bb][et_pb_gallery gallery_ids=\u00bb1833,1832,1831,1830,1829,1828,1827,1822,1823,1824,1825,1826&#8243; show_title_and_caption=\u00bboff\u00bb _builder_version=\u00bb4.27.0&#8243; _module_preset=\u00bbdefault\u00bb caption_text_color=\u00bb#000000&#8243; pagination_text_color=\u00bb#000000&#8243; global_colors_info=\u00bb{}\u00bb][\/et_pb_gallery][\/et_pb_column][\/et_pb_row][\/et_pb_section][et_pb_section fb_built=\u00bb1&#8243; fullwidth=\u00bbon\u00bb disabled_on=\u00bbon|on|on\u00bb _builder_version=\u00bb4.18.0&#8243; _module_preset=\u00bbdefault\u00bb disabled=\u00bbon\u00bb global_colors_info=\u00bb{}\u00bb][et_pb_fullwidth_image src=\u00bbhttps:\/\/educulturas.es\/wp-content\/uploads\/2022\/09\/bannereduculturasaula.jpg\u00bb title_text=\u00bbbannereduculturasaula\u00bb _builder_version=\u00bb4.18.0&#8243; _module_preset=\u00bbdefault\u00bb global_colors_info=\u00bb{}\u00bb][\/et_pb_fullwidth_image][\/et_pb_section][et_pb_section fb_built=\u00bb1&#8243; disabled_on=\u00bbon|on|on\u00bb module_id=\u00bbdatos\u00bb _builder_version=\u00bb4.16&#8243; background_color=\u00bb#f5edd7&#8243; disabled=\u00bbon\u00bb global_colors_info=\u00bb{}\u00bb][et_pb_row column_structure=\u00bb1_3,1_3,1_3&#8243; admin_label=\u00bbStats\u00bb _builder_version=\u00bb4.16&#8243; max_width=\u00bb1280px\u00bb custom_padding=\u00bb60px|0px|27px|0px\u00bb global_colors_info=\u00bb{}\u00bb][et_pb_column type=\u00bb1_3&#8243; _builder_version=\u00bb4.16&#8243; custom_padding=\u00bb|||\u00bb global_colors_info=\u00bb{}\u00bb custom_padding__hover=\u00bb|||\u00bb][et_pb_number_counter title=\u00bbCentros participantes\u00bb number=\u00bb37&#8243; percent_sign=\u00bboff\u00bb _builder_version=\u00bb4.18.0&#8243; title_font=\u00bbLato|700|||||||\u00bb title_text_color=\u00bb#c2b299&#8243; title_font_size=\u00bb26px\u00bb title_line_height=\u00bb1.5em\u00bb number_font=\u00bbLato|700|||||||\u00bb number_text_color=\u00bb#a59070&#8243; number_font_size=\u00bb84px\u00bb custom_margin=\u00bb||40px|\u00bb global_colors_info=\u00bb{}\u00bb][\/et_pb_number_counter][\/et_pb_column][et_pb_column type=\u00bb1_3&#8243; _builder_version=\u00bb4.16&#8243; custom_padding=\u00bb|||\u00bb global_colors_info=\u00bb{}\u00bb custom_padding__hover=\u00bb|||\u00bb][et_pb_number_counter title=\u00bbBeneficiarios\/as\u00bb number=\u00bb17699 \u00bb percent_sign=\u00bboff\u00bb _builder_version=\u00bb4.24.0&#8243; title_font=\u00bbLato|700|||||||\u00bb title_text_color=\u00bb#cdb6a2&#8243; title_font_size=\u00bb26px\u00bb title_line_height=\u00bb1.5em\u00bb number_font=\u00bbLato|700|||||||\u00bb number_font_size=\u00bb84px\u00bb custom_margin=\u00bb||40px|\u00bb locked=\u00bboff\u00bb global_colors_info=\u00bb{}\u00bb][\/et_pb_number_counter][\/et_pb_column][et_pb_column type=\u00bb1_3&#8243; _builder_version=\u00bb4.16&#8243; custom_padding=\u00bb|||\u00bb global_colors_info=\u00bb{}\u00bb custom_padding__hover=\u00bb|||\u00bb][et_pb_number_counter title=\u00bbCortometrajes rodados\u00bb number=\u00bb39&#8243; percent_sign=\u00bboff\u00bb _builder_version=\u00bb4.18.0&#8243; title_font=\u00bbLato|700|||||||\u00bb title_text_color=\u00bb#a59070&#8243; title_font_size=\u00bb26px\u00bb title_line_height=\u00bb1.5em\u00bb number_font=\u00bbLato|700|||||||\u00bb number_text_color=\u00bb#cdb6a2&#8243; number_font_size=\u00bb84px\u00bb custom_margin=\u00bb||40px|\u00bb locked=\u00bboff\u00bb global_colors_info=\u00bb{}\u00bb][\/et_pb_number_counter][\/et_pb_column][\/et_pb_row][\/et_pb_section][et_pb_section fb_built=\u00bb1&#8243; disabled_on=\u00bbon|on|off\u00bb admin_label=\u00bbBlog Section\u00bb module_id=\u00bbblog\u00bb _builder_version=\u00bb4.27.4&#8243; background_color=\u00bb#c2b299&#8243; parallax=\u00bbon\u00bb custom_padding=\u00bb||54px||false|false\u00bb global_colors_info=\u00bb{}\u00bb][et_pb_row admin_label=\u00bbBlog Area\u00bb _builder_version=\u00bb4.16&#8243; max_width=\u00bb1280px\u00bb global_colors_info=\u00bb{}\u00bb][et_pb_column type=\u00bb4_4&#8243; _builder_version=\u00bb4.16&#8243; custom_padding=\u00bb|||\u00bb global_colors_info=\u00bb{}\u00bb custom_padding__hover=\u00bb|||\u00bb][et_pb_blog fullwidth=\u00bboff\u00bb posts_number=\u00bb6&#8243; include_categories=\u00bb14&#8243; use_manual_excerpt=\u00bboff\u00bb excerpt_length=\u00bb0&#8243; show_more=\u00bbon\u00bb show_author=\u00bboff\u00bb show_excerpt=\u00bboff\u00bb disabled_on=\u00bbon|on|on\u00bb module_class=\u00bbblog_igualado2&#8243; _builder_version=\u00bb4.24.0&#8243; header_font=\u00bbLato||||||||\u00bb header_font_size=\u00bb22px\u00bb header_line_height=\u00bb1.2em\u00bb body_font=\u00bb||||||||\u00bb body_font_size=\u00bb17px\u00bb body_line_height=\u00bb1.8em\u00bb meta_font=\u00bb|700||on|||||\u00bb meta_text_color=\u00bb#ffffff\u00bb meta_letter_spacing=\u00bb1px\u00bb read_more_text_color=\u00bb#000000&#8243; pagination_text_color=\u00bb#ffffff\u00bb background_color=\u00bbrgba(247,247,247,0)\u00bb custom_padding=\u00bb|||\u00bb animation_style=\u00bbfade\u00bb animation_direction=\u00bbbottom\u00bb animation_starting_opacity=\u00bb100%\u00bb enable_grid_motion=\u00bbon\u00bb scroll_scaling_enable=\u00bbon\u00bb scroll_scaling=\u00bb0|50|50|100|70|100|100%\u00bb border_radii=\u00bbon|10px|10px|10px|10px\u00bb border_width_all=\u00bb0px\u00bb border_color_all=\u00bbrgba(255,255,255,0)\u00bb border_style_all=\u00bbsolid\u00bb border_color_all_fullwidth=\u00bb#d8d8d8&#8243; border_style_all_fullwidth=\u00bbsolid\u00bb box_shadow_style=\u00bbpreset3&#8243; use_border_color=\u00bbon\u00bb disabled=\u00bbon\u00bb global_colors_info=\u00bb{}\u00bb transform_styles__hover_enabled=\u00bbon|desktop\u00bb transform_scale__hover_enabled=\u00bbon|desktop\u00bb transform_translate__hover_enabled=\u00bbon|desktop\u00bb transform_rotate__hover_enabled=\u00bbon|desktop\u00bb transform_skew__hover_enabled=\u00bbon|desktop\u00bb transform_origin__hover_enabled=\u00bbon|desktop\u00bb][\/et_pb_blog][\/et_pb_column][\/et_pb_row][\/et_pb_section][et_pb_section fb_built=\u00bb1&#8243; fullwidth=\u00bbon\u00bb disabled_on=\u00bboff|off|off\u00bb module_id=\u00bbblog\u00bb _builder_version=\u00bb4.24.0&#8243; _module_preset=\u00bbdefault\u00bb global_colors_info=\u00bb{}\u00bb][et_pb_fullwidth_post_slider posts_number=\u00bb4&#8243; include_categories=\u00bb15&#8243; show_meta=\u00bboff\u00bb use_text_overlay=\u00bboff\u00bb _builder_version=\u00bb4.27.4&#8243; _module_preset=\u00bbdefault\u00bb header_font=\u00bb|600|||||||\u00bb header_text_color=\u00bb#c2b299&#8243; header_font_size=\u00bb53px\u00bb background_color=\u00bb#FFFFFF\u00bb background_image=\u00bbhttps:\/\/educulturas.es\/wp-content\/uploads\/2024\/05\/Colegio-Facinas-scaled.jpg\u00bb link_option_url_new_window=\u00bbon\u00bb global_colors_info=\u00bb{}\u00bb][\/et_pb_fullwidth_post_slider][\/et_pb_section][et_pb_section fb_built=\u00bb1&#8243; disabled_on=\u00bboff|off|off\u00bb _builder_version=\u00bb4.18.0&#8243; _module_preset=\u00bbdefault\u00bb background_color=\u00bb#efe0cb\u00bb animation_style=\u00bbslide\u00bb animation_intensity_slide=\u00bb2%\u00bb animation_starting_opacity=\u00bb100%\u00bb global_colors_info=\u00bb{}\u00bb][et_pb_row use_custom_gutter=\u00bbon\u00bb gutter_width=\u00bb2&#8243; admin_label=\u00bbEvent Title Area\u00bb _builder_version=\u00bb4.17.4&#8243; max_width=\u00bb1280px\u00bb use_custom_width=\u00bbon\u00bb custom_width_px=\u00bb1280px\u00bb locked=\u00bboff\u00bb global_colors_info=\u00bb{}\u00bb][et_pb_column type=\u00bb4_4&#8243; _builder_version=\u00bb4.16&#8243; custom_padding=\u00bb|||\u00bb global_colors_info=\u00bb{}\u00bb custom_padding__hover=\u00bb|||\u00bb][et_pb_text admin_label=\u00bbTitle\u00bb _builder_version=\u00bb4.20.2&#8243; text_font=\u00bb||||||||\u00bb text_text_color=\u00bb#ffffff\u00bb header_font=\u00bb|600|||||||\u00bb header_text_color=\u00bb#c2b299&#8243; header_font_size=\u00bb53px\u00bb header_2_font=\u00bbLato||||||||\u00bb header_2_text_color=\u00bb#ffffff\u00bb header_2_font_size=\u00bb36px\u00bb header_2_line_height=\u00bb1.5em\u00bb width=\u00bb100%\u00bb custom_padding=\u00bb|2px||||\u00bb animation_direction=\u00bbleft\u00bb header_font_size_tablet=\u00bb53px\u00bb header_font_size_phone=\u00bb35px\u00bb header_font_size_last_edited=\u00bbon|phone\u00bb global_colors_info=\u00bb{}\u00bb]<\/p>\n<h1 style=\"text-align: center;\">Los talleres de Educulturas en im\u00e1genes<\/h1>\n<p>[\/et_pb_text][\/et_pb_column][\/et_pb_row][et_pb_row use_custom_gutter=\u00bbon\u00bb gutter_width=\u00bb2&#8243; make_equal=\u00bbon\u00bb disabled_on=\u00bboff|off|off\u00bb _builder_version=\u00bb4.18.0&#8243; _module_preset=\u00bbdefault\u00bb background_enable_color=\u00bboff\u00bb width=\u00bb99%\u00bb max_width=\u00bb1719px\u00bb max_width_tablet=\u00bb1280px\u00bb max_width_phone=\u00bb1280px\u00bb max_width_last_edited=\u00bbon|phone\u00bb custom_padding=\u00bb|20px||20px|false|false\u00bb hover_enabled=\u00bb0&#8243; border_radii=\u00bbon|10px|10px|10px|10px\u00bb global_colors_info=\u00bb{}\u00bb sticky_enabled=\u00bb0&#8243;][et_pb_column type=\u00bb4_4&#8243; _builder_version=\u00bb4.18.0&#8243; _module_preset=\u00bbdefault\u00bb background_color=\u00bb#FFFFFF\u00bb custom_padding=\u00bb50px|30px|50px|30px|false|false\u00bb border_radii=\u00bbon|10px|10px|10px|10px\u00bb global_colors_info=\u00bb{}\u00bb][et_pb_text disabled_on=\u00bboff|off|off\u00bb _builder_version=\u00bb4.27.4&#8243; _module_preset=\u00bbdefault\u00bb custom_margin=\u00bb1px||16px|||\u00bb custom_padding=\u00bb0px||1px|||\u00bb hover_enabled=\u00bb0&#8243; locked=\u00bboff\u00bb global_colors_info=\u00bb{}\u00bb sticky_enabled=\u00bb0&#8243;]<\/p>\n<h3><span style=\"color: #c2b299;\"><strong>CEIP Isabel la Cat\u00f3lica<\/strong><\/span><\/h3>\n<p><span style=\"color: #c2b299;\"><strong><\/strong><\/span><\/p>\n<p>[\/et_pb_text][et_pb_gallery gallery_ids=\u00bb2223,2224,2225,2226,2227,2228,2229,2230,2231,2232,2233,2234&#8243; show_title_and_caption=\u00bboff\u00bb _builder_version=\u00bb4.27.4&#8243; _module_preset=\u00bbdefault\u00bb hover_enabled=\u00bb0&#8243; locked=\u00bboff\u00bb global_colors_info=\u00bb{}\u00bb sticky_enabled=\u00bb0&#8243;][\/et_pb_gallery][et_pb_text disabled_on=\u00bboff|off|off\u00bb _builder_version=\u00bb4.27.4&#8243; _module_preset=\u00bbdefault\u00bb custom_margin=\u00bb1px|||||\u00bb custom_padding=\u00bb0px|||||\u00bb hover_enabled=\u00bb0&#8243; locked=\u00bboff\u00bb global_colors_info=\u00bb{}\u00bb sticky_enabled=\u00bb0&#8243;]<\/p>\n<h3><span style=\"color: #c2b299;\"><strong>CEIP San Bernardo<\/strong><\/span><\/h3>\n<p><span style=\"color: #c2b299;\"><strong><\/strong><\/span><\/p>\n<p>[\/et_pb_text][et_pb_gallery gallery_ids=\u00bb2209,2210,2211,2212,2213,2214,2215,2216,2217,2218,2219,2220&#8243; show_title_and_caption=\u00bboff\u00bb _builder_version=\u00bb4.27.4&#8243; _module_preset=\u00bbdefault\u00bb hover_enabled=\u00bb0&#8243; locked=\u00bboff\u00bb global_colors_info=\u00bb{}\u00bb sticky_enabled=\u00bb0&#8243;][\/et_pb_gallery][et_pb_text disabled_on=\u00bboff|off|off\u00bb _builder_version=\u00bb4.27.4&#8243; _module_preset=\u00bbdefault\u00bb custom_margin=\u00bb1px|||||\u00bb custom_padding=\u00bb0px|||||\u00bb locked=\u00bboff\u00bb global_colors_info=\u00bb{}\u00bb]<\/p>\n<h3><span style=\"color: #c2b299;\"><strong>CEIP Reina Sof\u00eda<\/strong><\/span><\/h3>\n<p><span style=\"color: #c2b299;\"><strong><\/strong><\/span><\/p>\n<p>[\/et_pb_text][et_pb_gallery gallery_ids=\u00bb2180,2181,2182,2183,2184,2185,2186,2187,2188,2189,2190,2191&#8243; show_title_and_caption=\u00bboff\u00bb _builder_version=\u00bb4.27.4&#8243; _module_preset=\u00bbdefault\u00bb locked=\u00bboff\u00bb global_colors_info=\u00bb{}\u00bb][\/et_pb_gallery][et_pb_text disabled_on=\u00bboff|off|off\u00bb _builder_version=\u00bb4.27.4&#8243; _module_preset=\u00bbdefault\u00bb custom_padding=\u00bb0px|||||\u00bb locked=\u00bboff\u00bb global_colors_info=\u00bb{}\u00bb]<\/p>\n<h3><span style=\"color: #c2b299;\"><strong>CEIP Taraguilla<\/strong><\/span><\/h3>\n<p><span style=\"color: #c2b299;\"><strong><\/strong><\/span><\/p>\n<p>[\/et_pb_text][et_pb_gallery gallery_ids=\u00bb2163,2164,2165,2166,2167,2168,2169,2170,2171,2172,2173,2174&#8243; show_title_and_caption=\u00bboff\u00bb _builder_version=\u00bb4.27.4&#8243; _module_preset=\u00bbdefault\u00bb locked=\u00bboff\u00bb global_colors_info=\u00bb{}\u00bb][\/et_pb_gallery][et_pb_text disabled_on=\u00bboff|off|off\u00bb _builder_version=\u00bb4.27.4&#8243; _module_preset=\u00bbdefault\u00bb custom_padding=\u00bb0px|||||\u00bb locked=\u00bboff\u00bb global_colors_info=\u00bb{}\u00bb]<\/p>\n<h3><span style=\"color: #c2b299;\"><strong>CEIP Tierno Galv\u00e1n<\/strong><\/span><\/h3>\n<p><span style=\"color: #c2b299;\"><strong><\/strong><\/span><\/p>\n<p>[\/et_pb_text][et_pb_gallery gallery_ids=\u00bb2112,2113,2114,2115,2116,2117,2118,2119,2120,2121,2122,2123&#8243; show_title_and_caption=\u00bboff\u00bb _builder_version=\u00bb4.27.4&#8243; _module_preset=\u00bbdefault\u00bb locked=\u00bboff\u00bb global_colors_info=\u00bb{}\u00bb][\/et_pb_gallery][et_pb_text disabled_on=\u00bboff|off|off\u00bb _builder_version=\u00bb4.27.4&#8243; _module_preset=\u00bbdefault\u00bb custom_padding=\u00bb0px|||||\u00bb locked=\u00bboff\u00bb global_colors_info=\u00bb{}\u00bb]<\/p>\n<h3><span style=\"color: #c2b299;\"><strong>CEIP Virgen del Sol<\/strong><\/span><\/h3>\n<p><span style=\"color: #c2b299;\"><strong><\/strong><\/span><\/p>\n<p>[\/et_pb_text][et_pb_gallery gallery_ids=\u00bb2099,2100,2101,2102,2103,2104,2105,2106,2107,2108,2109,2110&#8243; show_title_and_caption=\u00bboff\u00bb _builder_version=\u00bb4.27.4&#8243; _module_preset=\u00bbdefault\u00bb locked=\u00bboff\u00bb global_colors_info=\u00bb{}\u00bb][\/et_pb_gallery][et_pb_text disabled_on=\u00bboff|off|off\u00bb _builder_version=\u00bb4.27.4&#8243; _module_preset=\u00bbdefault\u00bb custom_padding=\u00bb0px|||||\u00bb locked=\u00bboff\u00bb global_colors_info=\u00bb{}\u00bb]<\/p>\n<h3><span style=\"color: #c2b299;\"><strong>CEIP Divina Pastora<\/strong><\/span><\/h3>\n<p><span style=\"color: #c2b299;\"><strong><\/strong><\/span><\/p>\n<p>[\/et_pb_text][et_pb_gallery gallery_ids=\u00bb2085,2086,2087,2088,2089,2090,2091,2092,2093,2094,2095,2096&#8243; show_title_and_caption=\u00bboff\u00bb _builder_version=\u00bb4.27.4&#8243; _module_preset=\u00bbdefault\u00bb locked=\u00bboff\u00bb global_colors_info=\u00bb{}\u00bb][\/et_pb_gallery][et_pb_text disabled_on=\u00bboff|off|off\u00bb _builder_version=\u00bb4.27.4&#8243; _module_preset=\u00bbdefault\u00bb custom_padding=\u00bb0px|||||\u00bb locked=\u00bboff\u00bb global_colors_info=\u00bb{}\u00bb]<\/p>\n<h3><span style=\"color: #c2b299;\"><strong>CEIP Cristo Rey<\/strong><\/span><span style=\"color: #c2b299;\"><strong><\/strong><\/span><span style=\"color: #c2b299;\"><strong><\/strong><\/span><\/h3>\n<p><span style=\"color: #c2b299;\"><strong><\/strong><\/span><\/p>\n<p>[\/et_pb_text][et_pb_gallery gallery_ids=\u00bb2061,2062,2063,2064,2065,2066,2067,2068,2069,2070,2071,2072&#8243; show_title_and_caption=\u00bboff\u00bb _builder_version=\u00bb4.27.4&#8243; _module_preset=\u00bbdefault\u00bb locked=\u00bboff\u00bb global_colors_info=\u00bb{}\u00bb][\/et_pb_gallery][et_pb_text disabled_on=\u00bboff|off|off\u00bb _builder_version=\u00bb4.27.4&#8243; _module_preset=\u00bbdefault\u00bb custom_padding=\u00bb0px|||||\u00bb locked=\u00bboff\u00bb global_colors_info=\u00bb{}\u00bb]<\/p>\n<h3><span style=\"color: #c2b299;\"><strong>CEIP Andaluc\u00eda<\/strong><\/span><span style=\"color: #c2b299;\"><strong><\/strong><\/span><\/h3>\n<p><span style=\"color: #c2b299;\"><strong><\/strong><\/span><\/p>\n<p>[\/et_pb_text][et_pb_gallery gallery_ids=\u00bb2044,2045,2046,2047,2048,2049,2050,2051,2052,2053,2054,2055&#8243; show_title_and_caption=\u00bboff\u00bb _builder_version=\u00bb4.27.4&#8243; _module_preset=\u00bbdefault\u00bb locked=\u00bboff\u00bb global_colors_info=\u00bb{}\u00bb][\/et_pb_gallery][et_pb_text disabled_on=\u00bboff|off|off\u00bb _builder_version=\u00bb4.27.4&#8243; _module_preset=\u00bbdefault\u00bb custom_padding=\u00bb0px|||||\u00bb locked=\u00bboff\u00bb global_colors_info=\u00bb{}\u00bb]<\/p>\n<h3><span style=\"color: #c2b299;\"><strong>CEIP Puerta del Mar<\/strong><\/span><\/h3>\n<p><span style=\"color: #c2b299;\"><strong><\/strong><\/span><\/p>\n<p>[\/et_pb_text][et_pb_gallery gallery_ids=\u00bb2008,2009,2010,2011,2012,2013,2014,2015,2016,2017,2018,2019&#8243; show_title_and_caption=\u00bboff\u00bb _builder_version=\u00bb4.27.4&#8243; _module_preset=\u00bbdefault\u00bb locked=\u00bboff\u00bb global_colors_info=\u00bb{}\u00bb][\/et_pb_gallery][et_pb_text disabled_on=\u00bboff|off|off\u00bb _builder_version=\u00bb4.27.4&#8243; _module_preset=\u00bbdefault\u00bb custom_padding=\u00bb0px|||||\u00bb locked=\u00bboff\u00bb global_colors_info=\u00bb{}\u00bb]<\/p>\n<h3><span style=\"color: #c2b299;\"><strong>CEIP Los Arcos<\/strong><\/span><\/h3>\n<p>[\/et_pb_text][et_pb_gallery gallery_ids=\u00bb1987,1988,1989,1990,1991,1992,1993,1994,1995,1996,1997,1998&#8243; show_title_and_caption=\u00bboff\u00bb _builder_version=\u00bb4.27.4&#8243; _module_preset=\u00bbdefault\u00bb locked=\u00bboff\u00bb global_colors_info=\u00bb{}\u00bb][\/et_pb_gallery][et_pb_text disabled_on=\u00bboff|off|off\u00bb _builder_version=\u00bb4.27.4&#8243; _module_preset=\u00bbdefault\u00bb locked=\u00bboff\u00bb global_colors_info=\u00bb{}\u00bb]<\/p>\n<h3><span style=\"color: #c2b299;\"><strong>CEIP Aljibe<\/strong><\/span><\/h3>\n<p>[\/et_pb_text][et_pb_gallery gallery_ids=\u00bb1959,1958,1957,1956,1955,1954,1953,1952,1951,1950,1949,1948&#8243; show_title_and_caption=\u00bboff\u00bb _builder_version=\u00bb4.27.4&#8243; _module_preset=\u00bbdefault\u00bb global_colors_info=\u00bb{}\u00bb][\/et_pb_gallery][et_pb_gallery gallery_ids=\u00bb1485,1484,1483,1482,1481,1480,1479,1478,1477,1476,1475,1474&#8243; fullwidth=\u00bbon\u00bb disabled_on=\u00bboff|off|on\u00bb _builder_version=\u00bb4.24.0&#8243; _module_preset=\u00bbdefault\u00bb border_radii=\u00bbon|10px|10px|10px|10px\u00bb global_colors_info=\u00bb{}\u00bb][\/et_pb_gallery][\/et_pb_column][\/et_pb_row][\/et_pb_section][et_pb_section fb_built=\u00bb1&#8243; disabled_on=\u00bboff|off|off\u00bb admin_label=\u00bbNewsletter Section\u00bb module_id=\u00bbcontacto\u00bb _builder_version=\u00bb4.15.0&#8243; background_color=\u00bb#cdb6a2&#8243; background_image=\u00bbhttps:\/\/educulturas.es\/wp-content\/uploads\/2020\/01\/background-texture.png\u00bb background_enable_image=\u00bboff\u00bb parallax=\u00bbon\u00bb custom_margin=\u00bb||-5px|||\u00bb custom_padding=\u00bb114px||62px||false|false\u00bb global_module=\u00bb645&#8243; saved_tabs=\u00bball\u00bb global_colors_info=\u00bb{}\u00bb][et_pb_row column_structure=\u00bb1_2,1_2&#8243; _builder_version=\u00bb4.19.5&#8243; _module_preset=\u00bbdefault\u00bb background_color=\u00bb#FFFFFF\u00bb width=\u00bb91%\u00bb max_width=\u00bb1719px\u00bb custom_margin=\u00bb|auto|150px|auto|false|false\u00bb custom_padding=\u00bb50px|50px|50px|50px|false|false\u00bb border_radii=\u00bbon|10px|10px|10px|10px\u00bb global_colors_info=\u00bb{}\u00bb][et_pb_column type=\u00bb1_2&#8243; _builder_version=\u00bb4.19.5&#8243; _module_preset=\u00bbdefault\u00bb global_colors_info=\u00bb{}\u00bb][et_pb_text admin_label=\u00bbTitle\u00bb _builder_version=\u00bb4.18.0&#8243; text_font=\u00bb||||||||\u00bb header_font=\u00bb|600|||||||\u00bb header_text_color=\u00bb#efe0cb\u00bb header_font_size=\u00bb53px\u00bb header_line_height=\u00bb1.8em\u00bb header_3_font=\u00bbLato||||||||\u00bb header_3_text_color=\u00bb#ffffff\u00bb header_3_font_size=\u00bb36px\u00bb header_3_line_height=\u00bb1.8em\u00bb custom_margin=\u00bb||10px|\u00bb custom_padding=\u00bb|||\u00bb animation_direction=\u00bbleft\u00bb global_colors_info=\u00bb{}\u00bb]<\/p>\n<h1>Contacta<\/h1>\n<p>[\/et_pb_text][et_pb_text _builder_version=\u00bb4.20.2&#8243; text_text_color=\u00bb#333333&#8243; text_font_size=\u00bb18px\u00bb text_line_height=\u00bb1.8em\u00bb header_text_color=\u00bb#999999&#8243; header_font_size=\u00bb36px\u00bb header_line_height=\u00bb1.5em\u00bb max_width=\u00bb1280px\u00bb global_colors_info=\u00bb{}\u00bb]<\/p>\n<p><span>Si deseas obtener informaci\u00f3n acerca de las actividades o recursos disponibles, puedes ponerte en contacto con nuestro equipo a trav\u00e9s de este formulario.<\/span><\/p>\n<p><span>Si quieres una copia en color de alguna de las fotos, rellena el formulario indicando el n\u00famero de foto, el cole y un tel\u00e9fono de contacto.<\/span><\/p>\n<p>[\/et_pb_text][\/et_pb_column][et_pb_column type=\u00bb1_2&#8243; _builder_version=\u00bb4.19.5&#8243; _module_preset=\u00bbdefault\u00bb global_colors_info=\u00bb{}\u00bb][et_pb_contact_form email=\u00bbintercultural@fmyv.org\u00bb custom_message=\u00bbMensaje enviado desde el formulario de contacto de la web: educulturas.es||et_pb_line_break_holder||||et_pb_line_break_holder||Nombre: %%Name%%||et_pb_line_break_holder||||et_pb_line_break_holder||Email: %%Email%%||et_pb_line_break_holder||||et_pb_line_break_holder||Mensaje: %%Message%%\u00bb success_message=\u00bbGracias por tu mensaje\u00bb _builder_version=\u00bb4.20.2&#8243; _unique_id=\u00bb699cb3ae-52c7-43df-bbf3-6ad24c537993&#8243; custom_button=\u00bbon\u00bb button_text_color=\u00bb#ffffff\u00bb button_bg_color=\u00bb#c2b299&#8243; button_border_color=\u00bb#c2b299&#8243; custom_padding=\u00bb40px||||false|false\u00bb border_radii=\u00bbon|10px|10px|10px|10px\u00bb global_colors_info=\u00bb{}\u00bb][et_pb_contact_field field_id=\u00bbName\u00bb field_title=\u00bbNombre\u00bb _builder_version=\u00bb4.16&#8243; global_colors_info=\u00bb{}\u00bb button_text_size__hover_enabled=\u00bboff\u00bb button_one_text_size__hover_enabled=\u00bboff\u00bb button_two_text_size__hover_enabled=\u00bboff\u00bb button_text_color__hover_enabled=\u00bboff\u00bb button_one_text_color__hover_enabled=\u00bboff\u00bb button_two_text_color__hover_enabled=\u00bboff\u00bb button_border_width__hover_enabled=\u00bboff\u00bb button_one_border_width__hover_enabled=\u00bboff\u00bb button_two_border_width__hover_enabled=\u00bboff\u00bb button_border_color__hover_enabled=\u00bboff\u00bb button_one_border_color__hover_enabled=\u00bboff\u00bb button_two_border_color__hover_enabled=\u00bboff\u00bb button_border_radius__hover_enabled=\u00bboff\u00bb button_one_border_radius__hover_enabled=\u00bboff\u00bb button_two_border_radius__hover_enabled=\u00bboff\u00bb button_letter_spacing__hover_enabled=\u00bboff\u00bb button_one_letter_spacing__hover_enabled=\u00bboff\u00bb button_two_letter_spacing__hover_enabled=\u00bboff\u00bb button_bg_color__hover_enabled=\u00bboff\u00bb button_one_bg_color__hover_enabled=\u00bboff\u00bb button_two_bg_color__hover_enabled=\u00bboff\u00bb][\/et_pb_contact_field][et_pb_contact_field field_id=\u00bbEmail\u00bb field_title=\u00bbDirecci\u00f3n de correo electr\u00f3nico\u00bb field_type=\u00bbemail\u00bb _builder_version=\u00bb4.16&#8243; global_colors_info=\u00bb{}\u00bb button_text_size__hover_enabled=\u00bboff\u00bb button_one_text_size__hover_enabled=\u00bboff\u00bb button_two_text_size__hover_enabled=\u00bboff\u00bb button_text_color__hover_enabled=\u00bboff\u00bb button_one_text_color__hover_enabled=\u00bboff\u00bb button_two_text_color__hover_enabled=\u00bboff\u00bb button_border_width__hover_enabled=\u00bboff\u00bb button_one_border_width__hover_enabled=\u00bboff\u00bb button_two_border_width__hover_enabled=\u00bboff\u00bb button_border_color__hover_enabled=\u00bboff\u00bb button_one_border_color__hover_enabled=\u00bboff\u00bb button_two_border_color__hover_enabled=\u00bboff\u00bb button_border_radius__hover_enabled=\u00bboff\u00bb button_one_border_radius__hover_enabled=\u00bboff\u00bb button_two_border_radius__hover_enabled=\u00bboff\u00bb button_letter_spacing__hover_enabled=\u00bboff\u00bb button_one_letter_spacing__hover_enabled=\u00bboff\u00bb button_two_letter_spacing__hover_enabled=\u00bboff\u00bb button_bg_color__hover_enabled=\u00bboff\u00bb button_one_bg_color__hover_enabled=\u00bboff\u00bb button_two_bg_color__hover_enabled=\u00bboff\u00bb][\/et_pb_contact_field][et_pb_contact_field field_id=\u00bbMessage\u00bb field_title=\u00bbMensaje\u00bb field_type=\u00bbtext\u00bb fullwidth_field=\u00bbon\u00bb _builder_version=\u00bb4.16&#8243; global_colors_info=\u00bb{}\u00bb button_text_size__hover_enabled=\u00bboff\u00bb button_one_text_size__hover_enabled=\u00bboff\u00bb button_two_text_size__hover_enabled=\u00bboff\u00bb button_text_color__hover_enabled=\u00bboff\u00bb button_one_text_color__hover_enabled=\u00bboff\u00bb button_two_text_color__hover_enabled=\u00bboff\u00bb button_border_width__hover_enabled=\u00bboff\u00bb button_one_border_width__hover_enabled=\u00bboff\u00bb button_two_border_width__hover_enabled=\u00bboff\u00bb button_border_color__hover_enabled=\u00bboff\u00bb button_one_border_color__hover_enabled=\u00bboff\u00bb button_two_border_color__hover_enabled=\u00bboff\u00bb button_border_radius__hover_enabled=\u00bboff\u00bb button_one_border_radius__hover_enabled=\u00bboff\u00bb button_two_border_radius__hover_enabled=\u00bboff\u00bb button_letter_spacing__hover_enabled=\u00bboff\u00bb button_one_letter_spacing__hover_enabled=\u00bboff\u00bb button_two_letter_spacing__hover_enabled=\u00bboff\u00bb button_bg_color__hover_enabled=\u00bboff\u00bb button_one_bg_color__hover_enabled=\u00bboff\u00bb button_two_bg_color__hover_enabled=\u00bboff\u00bb][\/et_pb_contact_field][\/et_pb_contact_form][\/et_pb_column][\/et_pb_row][\/et_pb_section]<\/p>\n","protected":false},"excerpt":{"rendered":"<p>EduculturasProyecto de Sensibilizaci\u00f3n para cambiar actitudes racistas y xen\u00f3fobas Durante las \u00faltimas d\u00e9cadas, la escuela ha vivido un enorme proceso de transformaci\u00f3n en cuanto al perfil del alumnado se refiere. A diferencia de lo que ocurr\u00eda antes, hoy en d\u00eda las aulas se han convertido en espacios multiculturales donde conviven ni\u00f1os y ni\u00f1as de diferentes [&hellip;]<\/p>\n","protected":false},"author":1,"featured_media":0,"parent":0,"menu_order":0,"comment_status":"closed","ping_status":"closed","template":"","meta":{"_et_pb_use_builder":"on","_et_pb_old_content":"","_et_gb_content_width":"","footnotes":""},"class_list":["post-36","page","type-page","status-publish","hentry"],"_links":{"self":[{"href":"https:\/\/educulturas.es\/index.php\/wp-json\/wp\/v2\/pages\/36","targetHints":{"allow":["GET"]}}],"collection":[{"href":"https:\/\/educulturas.es\/index.php\/wp-json\/wp\/v2\/pages"}],"about":[{"href":"https:\/\/educulturas.es\/index.php\/wp-json\/wp\/v2\/types\/page"}],"author":[{"embeddable":true,"href":"https:\/\/educulturas.es\/index.php\/wp-json\/wp\/v2\/users\/1"}],"replies":[{"embeddable":true,"href":"https:\/\/educulturas.es\/index.php\/wp-json\/wp\/v2\/comments?post=36"}],"version-history":[{"count":380,"href":"https:\/\/educulturas.es\/index.php\/wp-json\/wp\/v2\/pages\/36\/revisions"}],"predecessor-version":[{"id":2235,"href":"https:\/\/educulturas.es\/index.php\/wp-json\/wp\/v2\/pages\/36\/revisions\/2235"}],"wp:attachment":[{"href":"https:\/\/educulturas.es\/index.php\/wp-json\/wp\/v2\/media?parent=36"}],"curies":[{"name":"wp","href":"https:\/\/api.w.org\/{rel}","templated":true}]}}